{"id":696,"date":"2022-01-19T21:25:27","date_gmt":"2022-01-19T20:25:27","guid":{"rendered":"https:\/\/www.rencontres-brangues.fr\/nrb\/?page_id=696"},"modified":"2026-04-28T10:50:53","modified_gmt":"2026-04-28T08:50:53","slug":"accueil","status":"publish","type":"page","link":"https:\/\/rencontres-brangues.fr\/nrb\/","title":{"rendered":"Accueil"},"content":{"rendered":"\n<div style=\"height:51px\" aria-hidden=\"true\" class=\"wp-block-spacer uag-hide-mob\"><\/div>\n\n\n\n<div class=\"wp-block-uagb-container uagb-block-58757600 alignwide uagb-is-root-container\">\n<div class=\"wp-block-uagb-container uag-hide-mob uagb-block-d6448b90\">\n<figure class=\"wp-block-image size-full\" style=\"margin-top:0px;margin-right:0px;margin-bottom:0px;margin-left:0px\"><a href=\"https:\/\/rencontres-brangues.fr\/nrb\/journees-du-patrimoine-2025\/\" rel=\"Rencontres 2025\"><img loading=\"lazy\" decoding=\"async\" width=\"1707\" height=\"2560\" src=\"https:\/\/rencontres-brangues.fr\/nrb\/wp-content\/uploads\/24a329769f70-0305-40x60_Affiche_Ministere-de-la-Culture-1.webp-1-scaled.webp\" alt=\"\" class=\"wp-image-5562\" srcset=\"https:\/\/rencontres-brangues.fr\/nrb\/wp-content\/uploads\/24a329769f70-0305-40x60_Affiche_Ministere-de-la-Culture-1.webp-1-scaled.webp 1707w, https:\/\/rencontres-brangues.fr\/nrb\/wp-content\/uploads\/24a329769f70-0305-40x60_Affiche_Ministere-de-la-Culture-1.webp-1-200x300.webp 200w, https:\/\/rencontres-brangues.fr\/nrb\/wp-content\/uploads\/24a329769f70-0305-40x60_Affiche_Ministere-de-la-Culture-1.webp-1-683x1024.webp 683w, https:\/\/rencontres-brangues.fr\/nrb\/wp-content\/uploads\/24a329769f70-0305-40x60_Affiche_Ministere-de-la-Culture-1.webp-1-768x1152.webp 768w, https:\/\/rencontres-brangues.fr\/nrb\/wp-content\/uploads\/24a329769f70-0305-40x60_Affiche_Ministere-de-la-Culture-1.webp-1-1024x1536.webp 1024w, https:\/\/rencontres-brangues.fr\/nrb\/wp-content\/uploads\/24a329769f70-0305-40x60_Affiche_Ministere-de-la-Culture-1.webp-1-1365x2048.webp 1365w, https:\/\/rencontres-brangues.fr\/nrb\/wp-content\/uploads\/24a329769f70-0305-40x60_Affiche_Ministere-de-la-Culture-1.webp-1-600x900.webp 600w\" sizes=\"auto, (max-width: 1707px) 100vw, 1707px\" \/><\/a><\/figure>\n<\/div>\n\n\n\n<div class=\"wp-block-uagb-container uag-hide-mob uagb-block-3372f839\">\n<figure class=\"wp-block-image size-full\" style=\"margin-top:0px;margin-right:0px;margin-bottom:0px;margin-left:0px\"><img loading=\"lazy\" decoding=\"async\" width=\"1761\" height=\"2560\" src=\"https:\/\/rencontres-brangues.fr\/nrb\/wp-content\/uploads\/Prix-2025-signe-Luis-Felipe-Fabre-scaled.jpg\" alt=\"\" class=\"wp-image-5650\" srcset=\"https:\/\/rencontres-brangues.fr\/nrb\/wp-content\/uploads\/Prix-2025-signe-Luis-Felipe-Fabre-scaled.jpg 1761w, https:\/\/rencontres-brangues.fr\/nrb\/wp-content\/uploads\/Prix-2025-signe-Luis-Felipe-Fabre-206x300.jpg 206w, https:\/\/rencontres-brangues.fr\/nrb\/wp-content\/uploads\/Prix-2025-signe-Luis-Felipe-Fabre-704x1024.jpg 704w, https:\/\/rencontres-brangues.fr\/nrb\/wp-content\/uploads\/Prix-2025-signe-Luis-Felipe-Fabre-768x1117.jpg 768w, https:\/\/rencontres-brangues.fr\/nrb\/wp-content\/uploads\/Prix-2025-signe-Luis-Felipe-Fabre-1056x1536.jpg 1056w\" sizes=\"auto, (max-width: 1761px) 100vw, 1761px\" \/><\/figure>\n<\/div>\n\n\n\n<div class=\"wp-block-uagb-container uagb-block-525a9b95\">\n<p class=\"has-text-align-right has-text-color has-link-color wp-elements-d8d12fe48f943b6253a04343ce2f8264\" style=\"color:#d785b3\"><strong>au Domaine Paul Claudel<br>26 &gt; 28 juin 2026<\/strong><\/p>\n\n\n\n<h4 class=\"wp-block-heading has-text-align-right no-deco has-text-color has-link-color wp-elements-e7ea541ecdf211945698511edf4faf70\" style=\"color:#d785b3\">Th\u00e9\u00e2tre<br>Lectures<br>Impromptus, Musique<br>Jeune public<br>Tables rondes, D\u00e9bats<br>Expositions, Visites<br>Projections<br>Prix Paul Claudel..<a href=\"https:\/\/rencontres-brangues.fr\/nrb\/rencontres-2025\/\" data-type=\"post\" data-id=\"4119\">.<\/a><\/h4>\n<\/div>\n\n\n\n<div class=\"wp-block-uagb-container uagb-block-93348e6d\">\n<div style=\"height:41px\" aria-hidden=\"true\" class=\"wp-block-spacer\"><\/div>\n\n\n\n<h2 class=\"wp-block-heading has-text-align-center no-deco has-ast-global-color-5-color has-text-color has-link-color wp-elements-adbb5f24c7778aeaa5c2b2f719048e4f\"><a href=\"https:\/\/rencontres-brangues.fr\/nrb\/lancement-du-prix-paul-claudel-2026\/\">Lancement Prix Paul Claudel 2026<\/a><\/h2>\n\n\n\n<div style=\"height:41px\" aria-hidden=\"true\" class=\"wp-block-spacer\"><\/div>\n<\/div>\n<\/div>\n\n\n\n<div style=\"height:29px\" aria-hidden=\"true\" class=\"wp-block-spacer\"><\/div>\n\n\n\n<div class=\"wp-block-uagb-container uagb-block-ee3c832e alignwide uagb-is-root-container\">\n<div class=\"wp-block-uagb-container uagb-block-9d451d35\">\n<h3 class=\"wp-block-heading has-text-align-center no-deco\" style=\"border-bottom-width:1px\"><a href=\"https:\/\/rencontres-brangues.fr\/nrb\/journees-du-patrimoine-2025\/\" data-type=\"post\" data-id=\"3222\">Journ\u00e9es Europ\u00e9ennes du Patrimoine 2025<\/a><\/h3>\n\n\n\n<p class=\"no-deco\" style=\"line-height:1.45\"><strong>Au programme : <\/strong><br><br>Visites comment\u00e9es du parc et du ch\u00e2teau autour des th\u00e8mes de l\u2019architecture, de l\u2019\u00e9crivain Paul Claudel et de l\u2019histoire des ch\u00e2telains de Brangues et de leur traces.<br> <br>R\u00e9cital musical et po\u00e9tique par la Cie TTR.<br><\/p>\n\n\n\n<p class=\"no-deco\" style=\"line-height:1.45\"><a href=\"https:\/\/rencontres-brangues.fr\/nrb\/journees-du-patrimoine-2025\/\" data-type=\"post\" data-id=\"4119\"><strong>\u2192 lire la suite<\/strong><\/a><\/p>\n<\/div>\n\n\n\n<div class=\"wp-block-uagb-container uagb-block-855c2180\">\n<h3 class=\"wp-block-heading has-text-align-center no-deco\" style=\"border-bottom-width:1px\"><a href=\"https:\/\/rencontres-brangues.fr\/nrb\/categorie\/prix-paul-claudel\/\">Prix Paul Claudel<\/a><span style=\"text-decoration: underline;\"><\/span> <span style=\"text-decoration: underline;\">2025<\/span><\/h3>\n\n\n\n<p class=\"no-deco\"><strong>Luis Felipe Fabre, laur\u00e9at du 2\u00e8me prix Paul Claudel<\/strong><\/p>\n\n\n\n<p class=\"no-deco\">Le Prix Paul Claudel 2025 de po\u00e9sie dramatique a \u00e9t\u00e9 remis par le jury \u00e0 Luis Felipe Fabre pour son \u0153uvre <em>La Sodomie en Nouvelle Espagne<\/em> .<br><br>Le jury a remis \u00e9galement un Prix d&rsquo;Honneur \u00e0 M. Jon Fosse pour l&rsquo;ensemble de son \u0153uvre th\u00e9\u00e2trale.<\/p>\n\n\n\n<p class=\"no-deco\"><a href=\"https:\/\/rencontres-brangues.fr\/nrb\/remise-du-2eme-prix-paul-claudel\/\"><strong>\u2192 en savoir +<\/strong><\/a><\/p>\n<\/div>\n\n\n\n<div class=\"wp-block-uagb-container uagb-block-061ec970\">\n<h3 class=\"wp-block-heading no-deco\" style=\"border-bottom-width:1px\"><a href=\"https:\/\/rencontres-brangues.fr\/nrb\/rencontres-2026-2\" data-type=\"post\" data-id=\"3222\">Rencontres 2026<\/a><\/h3>\n\n\n\n<div class=\"wp-block-uagb-image uagb-block-0e0cfdf3 wp-block-uagb-image--layout-default wp-block-uagb-image--effect-static wp-block-uagb-image--align-none\"><figure class=\"wp-block-uagb-image__figure\"><img decoding=\"async\" srcset=\"https:\/\/rencontres-brangues.fr\/nrb\/wp-content\/uploads\/En-tete-Rencontres-2026-1024x687.jpg ,https:\/\/rencontres-brangues.fr\/nrb\/wp-content\/uploads\/En-tete-Rencontres-2026.jpg 780w, https:\/\/rencontres-brangues.fr\/nrb\/wp-content\/uploads\/En-tete-Rencontres-2026.jpg 360w\" sizes=\"auto, (max-width: 480px) 150px\" src=\"https:\/\/rencontres-brangues.fr\/nrb\/wp-content\/uploads\/En-tete-Rencontres-2026-1024x687.jpg\" alt=\"\" class=\"uag-image-5651\" width=\"4032\" height=\"3024\" title=\"En-t\u00eate Rencontres 2026\" loading=\"lazy\" role=\"img\"\/><\/figure><\/div>\n\n\n\n<p class=\"no-deco\" style=\"line-height:1.45\">Programmation en ligne et billetterie \u00e0 d\u00e9couvrir \u00e0 partir du 1er mai&#8230;<br><\/p>\n\n\n\n<p class=\"no-deco\" style=\"line-height:1.45\"><a href=\"https:\/\/rencontres-brangues.fr\/nrb\/rencontres-2026-2\/\" data-type=\"post\" data-id=\"4119\"><strong>\u2192 lire la suite<\/strong><\/a><\/p>\n<\/div>\n\n\n\n<div class=\"wp-block-uagb-container uagb-block-c7e68b98\">\n<h3 class=\"wp-block-heading has-text-align-center no-deco\" style=\"border-bottom-width:1px\"><span style=\"text-decoration: underline;\">Lancement 3\u00e8me prix Paul Claudel 2026<\/span><\/h3>\n\n\n\n<p class=\"no-deco\" style=\"margin-top:0px;margin-bottom:0px;line-height:1.3\"><strong><strong><a href=\"https:\/\/rencontres-brangues.fr\/nrb\/lancement-du-prix-paul-claudel-2026\/\">\u2192 r\u00e8glement et calendrier<\/a><\/strong><\/strong><br><\/p>\n<\/div>\n<\/div>\n\n\n\n<div style=\"height:29px\" aria-hidden=\"true\" class=\"wp-block-spacer\"><\/div>\n\n\n\n<p><\/p>\n","protected":false},"excerpt":{"rendered":"<p class=\"has-text-align-right has-text-color has-link-color wp-elements-d8d12fe48f943b6253a04343ce2f8264\" style=\"color:#d785b3\">au Domaine Paul Claudel<br \/>26 &gt; 28 juin 2026<\/p>\n<p>Th\u00e9\u00e2tre<br \/>Lectures<br \/>Impromptus, Musique<br \/>Jeune public<br \/>Tables rondes, D\u00e9bats<br \/>Expositions, Visites<br \/>Projections<br \/>Prix Paul Claudel&#8230;<\/p>\n","protected":false},"author":1,"featured_media":0,"parent":0,"menu_order":0,"comment_status":"closed","ping_status":"closed","template":"","meta":{"_uag_custom_page_level_css":"","site-sidebar-layout":"no-sidebar","site-content-layout":"","ast-site-content-layout":"default","site-content-style":"default","site-sidebar-style":"default","ast-global-header-display":"","ast-banner-title-visibility":"","ast-main-header-display":"","ast-hfb-above-header-display":"","ast-hfb-below-header-display":"","ast-hfb-mobile-header-display":"","site-post-title":"disabled","ast-breadcrumbs-content":"","ast-featured-img":"","footer-sml-layout":"","theme-transparent-header-meta":"","adv-header-id-meta":"","stick-header-meta":"","header-above-stick-meta":"","header-main-stick-meta":"","header-below-stick-meta":"","astra-migrate-meta-layouts":"set","ast-page-background-enabled":"default","ast-page-background-meta":{"desktop":{"background-color":"var(--ast-global-color-4)","background-image":"","background-repeat":"repeat","background-position":"center center","background-size":"auto","background-attachment":"scroll","background-type":"","background-media":"","overlay-type":"","overlay-color":"","overlay-opacity":"","overlay-gradient":""},"tablet":{"background-color":"","background-image":"","background-repeat":"repeat","background-position":"center center","background-size":"auto","background-attachment":"scroll","background-type":"","background-media":"","overlay-type":"","overlay-color":"","overlay-opacity":"","overlay-gradient":""},"mobile":{"background-color":"","background-image":"","background-repeat":"repeat","background-position":"center center","background-size":"auto","background-attachment":"scroll","background-type":"","background-media":"","overlay-type":"","overlay-color":"","overlay-opacity":"","overlay-gradient":""}},"ast-content-background-meta":{"desktop":{"background-color":"var(--ast-global-color-5)","background-image":"","background-repeat":"repeat","background-position":"center center","background-size":"auto","background-attachment":"scroll","background-type":"","background-media":"","overlay-type":"","overlay-color":"","overlay-opacity":"","overlay-gradient":""},"tablet":{"background-color":"var(--ast-global-color-5)","background-image":"","background-repeat":"repeat","background-position":"center center","background-size":"auto","background-attachment":"scroll","background-type":"","background-media":"","overlay-type":"","overlay-color":"","overlay-opacity":"","overlay-gradient":""},"mobile":{"background-color":"var(--ast-global-color-5)","background-image":"","background-repeat":"repeat","background-position":"center center","background-size":"auto","background-attachment":"scroll","background-type":"","background-media":"","overlay-type":"","overlay-color":"","overlay-opacity":"","overlay-gradient":""}},"footnotes":""},"class_list":["post-696","page","type-page","status-publish","hentry"],"yoast_head":"<!-- This site is optimized with the Yoast SEO plugin v27.4 - https:\/\/yoast.com\/product\/yoast-seo-wordpress\/ -->\n<title>Accueil - Rencontres de Brangues<\/title>\n<meta name=\"description\" content=\"Th\u00e9\u00e2tre et po\u00e9sie : conf\u00e9rences, concerts, expositions, spectacles, rencontres, ateliers, formations... au ch\u00e2teau de Brangues en Is\u00e8re, Domaine Paul Claudel, en itin\u00e9rance et dans les \u00e9tablissements scolaires.\" \/>\n<meta name=\"robots\" content=\"index, follow, max-snippet:-1, max-image-preview:large, max-video-preview:-1\" \/>\n<link rel=\"canonical\" href=\"https:\/\/rencontres-brangues.fr\/nrb\/\" \/>\n<meta property=\"og:locale\" content=\"fr_FR\" \/>\n<meta property=\"og:type\" content=\"article\" \/>\n<meta property=\"og:title\" content=\"Accueil - Rencontres de Brangues\" \/>\n<meta property=\"og:description\" content=\"Th\u00e9\u00e2tre et po\u00e9sie : conf\u00e9rences, concerts, expositions, spectacles, rencontres, ateliers, formations... au ch\u00e2teau de Brangues en Is\u00e8re, Domaine Paul Claudel, en itin\u00e9rance et dans les \u00e9tablissements scolaires.\" \/>\n<meta property=\"og:url\" content=\"https:\/\/rencontres-brangues.fr\/nrb\/\" \/>\n<meta property=\"og:site_name\" content=\"Rencontres de Brangues\" \/>\n<meta property=\"article:modified_time\" content=\"2026-04-28T08:50:53+00:00\" \/>\n<meta property=\"og:image\" content=\"https:\/\/rencontres-brangues.fr\/nrb\/wp-content\/uploads\/24a329769f70-0305-40x60_Affiche_Ministere-de-la-Culture-1.webp-1-scaled.webp\" \/>\n<meta name=\"twitter:card\" content=\"summary_large_image\" \/>\n<meta name=\"twitter:label1\" content=\"Dur\u00e9e de lecture estim\u00e9e\" \/>\n\t<meta name=\"twitter:data1\" content=\"1 minute\" \/>\n<script type=\"application\/ld+json\" class=\"yoast-schema-graph\">{\"@context\":\"https:\\\/\\\/schema.org\",\"@graph\":[{\"@type\":\"WebPage\",\"@id\":\"https:\\\/\\\/rencontres-brangues.fr\\\/nrb\\\/\",\"url\":\"https:\\\/\\\/rencontres-brangues.fr\\\/nrb\\\/\",\"name\":\"Accueil - Rencontres de Brangues\",\"isPartOf\":{\"@id\":\"https:\\\/\\\/rencontres-brangues.fr\\\/nrb\\\/#website\"},\"primaryImageOfPage\":{\"@id\":\"https:\\\/\\\/rencontres-brangues.fr\\\/nrb\\\/#primaryimage\"},\"image\":{\"@id\":\"https:\\\/\\\/rencontres-brangues.fr\\\/nrb\\\/#primaryimage\"},\"thumbnailUrl\":\"https:\\\/\\\/rencontres-brangues.fr\\\/nrb\\\/wp-content\\\/uploads\\\/24a329769f70-0305-40x60_Affiche_Ministere-de-la-Culture-1.webp-1-scaled.webp\",\"datePublished\":\"2022-01-19T20:25:27+00:00\",\"dateModified\":\"2026-04-28T08:50:53+00:00\",\"description\":\"Th\u00e9\u00e2tre et po\u00e9sie : conf\u00e9rences, concerts, expositions, spectacles, rencontres, ateliers, formations... au ch\u00e2teau de Brangues en Is\u00e8re, Domaine Paul Claudel, en itin\u00e9rance et dans les \u00e9tablissements scolaires.\",\"breadcrumb\":{\"@id\":\"https:\\\/\\\/rencontres-brangues.fr\\\/nrb\\\/#breadcrumb\"},\"inLanguage\":\"fr-FR\",\"potentialAction\":[{\"@type\":\"ReadAction\",\"target\":[\"https:\\\/\\\/rencontres-brangues.fr\\\/nrb\\\/\"]}]},{\"@type\":\"ImageObject\",\"inLanguage\":\"fr-FR\",\"@id\":\"https:\\\/\\\/rencontres-brangues.fr\\\/nrb\\\/#primaryimage\",\"url\":\"https:\\\/\\\/rencontres-brangues.fr\\\/nrb\\\/wp-content\\\/uploads\\\/24a329769f70-0305-40x60_Affiche_Ministere-de-la-Culture-1.webp-1-scaled.webp\",\"contentUrl\":\"https:\\\/\\\/rencontres-brangues.fr\\\/nrb\\\/wp-content\\\/uploads\\\/24a329769f70-0305-40x60_Affiche_Ministere-de-la-Culture-1.webp-1-scaled.webp\"},{\"@type\":\"BreadcrumbList\",\"@id\":\"https:\\\/\\\/rencontres-brangues.fr\\\/nrb\\\/#breadcrumb\",\"itemListElement\":[{\"@type\":\"ListItem\",\"position\":1,\"name\":\"Accueil\",\"item\":\"https:\\\/\\\/rencontres-brangues.fr\\\/nrb\\\/\"},{\"@type\":\"ListItem\",\"position\":2,\"name\":\"Accueil\"}]},{\"@type\":\"WebSite\",\"@id\":\"https:\\\/\\\/rencontres-brangues.fr\\\/nrb\\\/#website\",\"url\":\"https:\\\/\\\/rencontres-brangues.fr\\\/nrb\\\/\",\"name\":\"Rencontres de Brangues\",\"description\":\"th\u00e9\u00e2tre, musique, po\u00e9sie\",\"publisher\":{\"@id\":\"https:\\\/\\\/rencontres-brangues.fr\\\/nrb\\\/#organization\"},\"potentialAction\":[{\"@type\":\"SearchAction\",\"target\":{\"@type\":\"EntryPoint\",\"urlTemplate\":\"https:\\\/\\\/rencontres-brangues.fr\\\/nrb\\\/?s={search_term_string}\"},\"query-input\":{\"@type\":\"PropertyValueSpecification\",\"valueRequired\":true,\"valueName\":\"search_term_string\"}}],\"inLanguage\":\"fr-FR\"},{\"@type\":\"Organization\",\"@id\":\"https:\\\/\\\/rencontres-brangues.fr\\\/nrb\\\/#organization\",\"name\":\"Nouvelles Rencontres de Brangues\",\"url\":\"https:\\\/\\\/rencontres-brangues.fr\\\/nrb\\\/\",\"logo\":{\"@type\":\"ImageObject\",\"inLanguage\":\"fr-FR\",\"@id\":\"https:\\\/\\\/rencontres-brangues.fr\\\/nrb\\\/#\\\/schema\\\/logo\\\/image\\\/\",\"url\":\"https:\\\/\\\/www.rencontres-brangues.fr\\\/nrb\\\/wp-content\\\/uploads\\\/petit-logo-nrb.png\",\"contentUrl\":\"https:\\\/\\\/www.rencontres-brangues.fr\\\/nrb\\\/wp-content\\\/uploads\\\/petit-logo-nrb.png\",\"width\":306,\"height\":306,\"caption\":\"Nouvelles Rencontres de Brangues\"},\"image\":{\"@id\":\"https:\\\/\\\/rencontres-brangues.fr\\\/nrb\\\/#\\\/schema\\\/logo\\\/image\\\/\"}}]}<\/script>\n<!-- \/ Yoast SEO plugin. -->","yoast_head_json":{"title":"Accueil - Rencontres de Brangues","description":"Th\u00e9\u00e2tre et po\u00e9sie : conf\u00e9rences, concerts, expositions, spectacles, rencontres, ateliers, formations... au ch\u00e2teau de Brangues en Is\u00e8re, Domaine Paul Claudel, en itin\u00e9rance et dans les \u00e9tablissements scolaires.","robots":{"index":"index","follow":"follow","max-snippet":"max-snippet:-1","max-image-preview":"max-image-preview:large","max-video-preview":"max-video-preview:-1"},"canonical":"https:\/\/rencontres-brangues.fr\/nrb\/","og_locale":"fr_FR","og_type":"article","og_title":"Accueil - Rencontres de Brangues","og_description":"Th\u00e9\u00e2tre et po\u00e9sie : conf\u00e9rences, concerts, expositions, spectacles, rencontres, ateliers, formations... au ch\u00e2teau de Brangues en Is\u00e8re, Domaine Paul Claudel, en itin\u00e9rance et dans les \u00e9tablissements scolaires.","og_url":"https:\/\/rencontres-brangues.fr\/nrb\/","og_site_name":"Rencontres de Brangues","article_modified_time":"2026-04-28T08:50:53+00:00","og_image":[{"url":"https:\/\/rencontres-brangues.fr\/nrb\/wp-content\/uploads\/24a329769f70-0305-40x60_Affiche_Ministere-de-la-Culture-1.webp-1-scaled.webp","type":"","width":"","height":""}],"twitter_card":"summary_large_image","twitter_misc":{"Dur\u00e9e de lecture estim\u00e9e":"1 minute"},"schema":{"@context":"https:\/\/schema.org","@graph":[{"@type":"WebPage","@id":"https:\/\/rencontres-brangues.fr\/nrb\/","url":"https:\/\/rencontres-brangues.fr\/nrb\/","name":"Accueil - Rencontres de Brangues","isPartOf":{"@id":"https:\/\/rencontres-brangues.fr\/nrb\/#website"},"primaryImageOfPage":{"@id":"https:\/\/rencontres-brangues.fr\/nrb\/#primaryimage"},"image":{"@id":"https:\/\/rencontres-brangues.fr\/nrb\/#primaryimage"},"thumbnailUrl":"https:\/\/rencontres-brangues.fr\/nrb\/wp-content\/uploads\/24a329769f70-0305-40x60_Affiche_Ministere-de-la-Culture-1.webp-1-scaled.webp","datePublished":"2022-01-19T20:25:27+00:00","dateModified":"2026-04-28T08:50:53+00:00","description":"Th\u00e9\u00e2tre et po\u00e9sie : conf\u00e9rences, concerts, expositions, spectacles, rencontres, ateliers, formations... au ch\u00e2teau de Brangues en Is\u00e8re, Domaine Paul Claudel, en itin\u00e9rance et dans les \u00e9tablissements scolaires.","breadcrumb":{"@id":"https:\/\/rencontres-brangues.fr\/nrb\/#breadcrumb"},"inLanguage":"fr-FR","potentialAction":[{"@type":"ReadAction","target":["https:\/\/rencontres-brangues.fr\/nrb\/"]}]},{"@type":"ImageObject","inLanguage":"fr-FR","@id":"https:\/\/rencontres-brangues.fr\/nrb\/#primaryimage","url":"https:\/\/rencontres-brangues.fr\/nrb\/wp-content\/uploads\/24a329769f70-0305-40x60_Affiche_Ministere-de-la-Culture-1.webp-1-scaled.webp","contentUrl":"https:\/\/rencontres-brangues.fr\/nrb\/wp-content\/uploads\/24a329769f70-0305-40x60_Affiche_Ministere-de-la-Culture-1.webp-1-scaled.webp"},{"@type":"BreadcrumbList","@id":"https:\/\/rencontres-brangues.fr\/nrb\/#breadcrumb","itemListElement":[{"@type":"ListItem","position":1,"name":"Accueil","item":"https:\/\/rencontres-brangues.fr\/nrb\/"},{"@type":"ListItem","position":2,"name":"Accueil"}]},{"@type":"WebSite","@id":"https:\/\/rencontres-brangues.fr\/nrb\/#website","url":"https:\/\/rencontres-brangues.fr\/nrb\/","name":"Rencontres de Brangues","description":"th\u00e9\u00e2tre, musique, po\u00e9sie","publisher":{"@id":"https:\/\/rencontres-brangues.fr\/nrb\/#organization"},"potentialAction":[{"@type":"SearchAction","target":{"@type":"EntryPoint","urlTemplate":"https:\/\/rencontres-brangues.fr\/nrb\/?s={search_term_string}"},"query-input":{"@type":"PropertyValueSpecification","valueRequired":true,"valueName":"search_term_string"}}],"inLanguage":"fr-FR"},{"@type":"Organization","@id":"https:\/\/rencontres-brangues.fr\/nrb\/#organization","name":"Nouvelles Rencontres de Brangues","url":"https:\/\/rencontres-brangues.fr\/nrb\/","logo":{"@type":"ImageObject","inLanguage":"fr-FR","@id":"https:\/\/rencontres-brangues.fr\/nrb\/#\/schema\/logo\/image\/","url":"https:\/\/www.rencontres-brangues.fr\/nrb\/wp-content\/uploads\/petit-logo-nrb.png","contentUrl":"https:\/\/www.rencontres-brangues.fr\/nrb\/wp-content\/uploads\/petit-logo-nrb.png","width":306,"height":306,"caption":"Nouvelles Rencontres de Brangues"},"image":{"@id":"https:\/\/rencontres-brangues.fr\/nrb\/#\/schema\/logo\/image\/"}}]}},"uagb_featured_image_src":{"full":false,"thumbnail":false,"medium":false,"medium_large":false,"large":false,"1536x1536":false,"2048x2048":false,"woocommerce_thumbnail":false,"woocommerce_single":false,"woocommerce_gallery_thumbnail":false},"uagb_author_info":{"display_name":"cyber","author_link":"https:\/\/rencontres-brangues.fr\/nrb\/author\/cyber\/"},"uagb_comment_info":0,"uagb_excerpt":"au Domaine Paul Claudel26 &gt; 28 juin 2026 Th\u00e9\u00e2treLecturesImpromptus, MusiqueJeune publicTables rondes, D\u00e9batsExpositions, VisitesProjectionsPrix Paul Claudel...","_links":{"self":[{"href":"https:\/\/rencontres-brangues.fr\/nrb\/wp-json\/wp\/v2\/pages\/696","targetHints":{"allow":["GET"]}}],"collection":[{"href":"https:\/\/rencontres-brangues.fr\/nrb\/wp-json\/wp\/v2\/pages"}],"about":[{"href":"https:\/\/rencontres-brangues.fr\/nrb\/wp-json\/wp\/v2\/types\/page"}],"author":[{"embeddable":true,"href":"https:\/\/rencontres-brangues.fr\/nrb\/wp-json\/wp\/v2\/users\/1"}],"replies":[{"embeddable":true,"href":"https:\/\/rencontres-brangues.fr\/nrb\/wp-json\/wp\/v2\/comments?post=696"}],"version-history":[{"count":205,"href":"https:\/\/rencontres-brangues.fr\/nrb\/wp-json\/wp\/v2\/pages\/696\/revisions"}],"predecessor-version":[{"id":5657,"href":"https:\/\/rencontres-brangues.fr\/nrb\/wp-json\/wp\/v2\/pages\/696\/revisions\/5657"}],"wp:attachment":[{"href":"https:\/\/rencontres-brangues.fr\/nrb\/wp-json\/wp\/v2\/media?parent=696"}],"curies":[{"name":"wp","href":"https:\/\/api.w.org\/{rel}","templated":true}]}}